{"id":4516,"date":"2021-11-26T13:45:53","date_gmt":"2021-11-26T12:45:53","guid":{"rendered":"https:\/\/www.fuertehoteles.com\/reiseziele\/vacaciones-en-conil\/"},"modified":"2024-01-03T10:37:09","modified_gmt":"2024-01-03T09:37:09","slug":"conil-urlaub","status":"publish","type":"page","link":"https:\/\/www.fuertehoteles.com\/de\/reiseziele\/conil-urlaub\/","title":{"rendered":"Conil de la Frontera"},"content":{"rendered":"[vc_row][vc_column el_class=&#8220;destination-content&#8220;][vc_column_text]\n<h1>Ihr Urlaub in Conil de la Frontera<\/h1>\n<p>Conil de la Frontera ist eines der sch\u00f6nsten Urlaubsziele an der Costa de la Luz. Nationale und ausl\u00e4ndische Touristen w\u00e4hlen diesen Ort aus, um hier Ostern, Wochenenden, den Sommer und alle anderen Epochen des Jahres zu verbringen. Sie m\u00f6chten seine <strong>unber\u00fchrten, goldfarbenen Sandstr\u00e4nde und Buchten, <\/strong>seine wundersch\u00f6nen Klippen und Pinienhaine genie\u00dfen.<\/p>\n<p>Die umliegende Natur von Conil eignet sich perfekt, um sich zu erholen und <strong>Sportarten<\/strong> wie Surfen, Tauchen oder Segeln auszu\u00fcben oder Wanderungen und Fahrradtouren oder Ausritte zu unternehmen. Des Weiteren kann man die spektakul\u00e4re Landschaft beim Sonnenaufgang und Sonnenuntergang genie\u00dfen.<\/p>\n<p>Die Strandkneipen, Bars, und <a href=\"https:\/\/www.fuertehoteles.com\/de\/reiseziele\/conil-urlaub\/wo-essen-gehen\/\">Restaurants von Conil<\/a> servieren k\u00f6stlicher Gerichte der <strong>traditionellen und neuen K\u00fcche<\/strong>. In Zwiebeln eingelegter Thunfisch, Ravioli mit Bauchfleisch vom Thunfisch, marinierte Karotten, Reis mit Disteln, Krake mit Kichererbsen, Schweinefleischeintopf&#8230;.Tapas und Men\u00fcs f\u00fcr jeden Geschmack. Der harte Biskuitkuchen, der f\u00fcr Ostern typisch ist und die Kartoffelschmalzkringel sind weitere typische K\u00f6stlichkeiten der Gastronomie von Conil.<\/p>\n<p>Conil ist ein perfektes Ziel f\u00fcr einen<strong> <a href=\"https:\/\/www.fuertehoteles.com\/de\/familienurlaub\/\">Urlaub mit der Familie<\/a> und mit dem Partner<\/strong>. Ein kleiner, ruhiger und gem\u00fctlicher Ort, in dem Kinder und Erwachsene ein vielf\u00e4ltiges Unterhaltungsangebot und Entspannung finden.<\/p>\n<h2>Warum Conil de la Frontera in C\u00e1diz besuchen?<\/h2>\n<h3>Strandspazierg\u00e4nge<\/h3>\n<p>Die Hauptattraktionen von Conil sind die mehr als 14 Kilometer langen, <a href=\"https:\/\/www.fuertehoteles.com\/de\/reiseziele\/conil-urlaub\/strande\/\">goldfarbenen Sandstr\u00e4nde<\/a> und das kristallklare Wasser. Der K\u00fcstenstreifen dieses typisch andalusischen Fischerdorfs ist besonders f\u00fcr seine nat\u00fcrliche Sch\u00f6nheit bekannt, die man an Spaniens K\u00fcsten immer seltener antrifft.<\/p>\n<h3>Der charme eines fischerdorfs<\/h3>\n<p>Conil de la Frontera ist ein Fischerdorf. Es lebt vom und f\u00fcr das Meer. Seine Einwohner widmen sich schon seit eh und je dem Fischfang. Der <strong>rote Almadraba-Thunfisch<\/strong> ist die meist gesch\u00e4tzte Fischart seiner K\u00fcsten. Das Produkt steht im direkten Zusammenhang mit dem Ursprung und der Geschichte seiner Einwohner.<\/p>\n<p>Die Fischer aus Conil fangen auch andere Fischarten wie Brassen, Meerbrassen, Rotbrassen, S\u00fc\u00dflippen oder Goldbrassen. Sie haben ihren Ausgangspunkt im <strong>Fischerhafen<\/strong>, der zwischen Cabo de Roche und der Bucht Cala del Aceite liegt. Wenn Sie zuschauen m\u00f6chten, wie die Boote den Hafen verlassen, m\u00fcssen Sie kurz vor 3 Uhr morgens vor Ort sein. Sie k\u00f6nnen auch bei den Versteigerungen des Fischs in der Halle des Hafens zuschauen. Erkundigen Sie sich an der Rezeption des Hotels nach dem Erlebnisprogramm Fuerte Experiencias.<\/p>\n<p>Conil konserviert sein <strong>Fischerviertel<\/strong>, das auch unter dem Namen \u201ela puerta de Cai\u201d (Tor von C\u00e1diz) oder \u201ebarrio de la ma\u201d (Stadtteil des Meeres) bekannt ist. Seine Stra\u00dfen haben die Namen von Fischen: Meerbrassenstra\u00dfe, Sardinenstra\u00dfe, Meerbarbenstra\u00dfe&#8230; Hier lebten fr\u00fcher alle Fischer. Heute sind hier nur noch wenige ans\u00e4ssig. Der Rest lebt inzwischen in anderen Stadtvierteln.<\/p>\n<h3>Der ort des Guzm\u00e1n-Turms<\/h3>\n<p>Bis zum 16. Jahrhundert war <a href=\"https:\/\/www.fuertehoteles.com\/de\/reiseziele\/conil-urlaub\/altstadt\/\">Conil de la Frontera<\/a> als \u201eder Ort des Guzm\u00e1n-Turms\u201d bekannt. Es ist das \u00e4lteste und emblematischste Geb\u00e4ude des Ortes. Ein Turm im gotischen Stil, dessen Bau Alfonso P\u00e9rez de Guzm\u00e1n (\u201eGuzm\u00e1n el Bueno\u201d) in Auftrag gab. Zusammen mit anderen Wacht\u00fcrmen wie der von Roche und Castilnovo, war er Teil der Stadtfestung. Heute ist er ein <strong>Interpretationszentrum zur Geschichte und des Kulturerbes von Conil.<\/strong><\/p>\n<p>Der Guzm\u00e1n-Turm ist ein privilegierter Platz, um die Geschichte von Conil kennenzulernen und um einen Panoramablick von 360\u00b0 zu genie\u00dfen. Informationstafeln erkl\u00e4ren, was man von jedem Winkel seiner Aussichtsplattform sehen kann. Diese befindet sich auf dem Dach, dem h\u00f6chsten Punkt des Turms. Von dem Turm blickt man auf eine Landschaft mit wei\u00dfen H\u00e4usern, die sich vom Blau des Himmels und des Meeres, dem goldenen Sand seiner Str\u00e4nde, dem Rot seiner Klippen und dem Gr\u00fcn seiner Pinienhaine und L\u00e4ndereien abheben.<\/p>\n<p>Die Pfarrkirche von Santa Catalina ist ein weiterer Platz von kunsthistorischem Interesse. Sie befindet sich neben dem Rathaus. Sie ist auch als das alte Kloster <em>Convento de la Victoria<\/em> bekannt. Von ihrem <strong>Glockenturm<\/strong> hat man einen herrlichen Blick auf Conil.<\/p>\n<h3>Weitere sehensw\u00fcrdigkeiten in Conil<\/h3>\n<p>Der Ortskern von Conil konserviert noch immer <strong>den traditionellen Geschmack eines Fischerdorfs<\/strong>. Sein Stra\u00dfennetz ist typisch f\u00fcr eine mittelalterliche Stadt: Enge Gassen und zur\u00fcckgezogene Pl\u00e4tze mit den f\u00fcr Andalusien typisch wei\u00dfen H\u00e4usern, alten Kirchen und anderen Geb\u00e4uden von historischem und k\u00fcnstlerischem Interesse,<\/p>\n<p>Neben dem besagten Guzm\u00e1n-Turm sticht La Chanca als <strong>Ort von ethnologischem Interesse<\/strong> hervor. Es handelt sich um eine alte \u201eAlmadraba\u201d, wo fr\u00fcher der rote Thunfisch zubereitet und konserviert wurde, den man an seinen K\u00fcsten fischte. Heute wird sie zu unterschiedlichen, kulturellen Zwecken benutzt. Sie wurde Mitte des 16. Jahrhunderts errichtet. Der Bereich, den man als \u201eEl Almac\u00e9n de la Sal\u201d (Salzlager) kennt, ist der, der sein urspr\u00fcngliches Aussehen am besten konserviert. Der Rest des Geb\u00e4udes wurde im Laufe der Geschichte mehrfach umgebaut.<\/p>\n<p>Das <strong>Museo de Ra\u00edces Conile\u00f1as<\/strong> (Museum der Wurzeln Conils) zeigt die Br\u00e4uche und Lebensstile der Einwohner des Ortes. Im Inneren findet man \u00fcber 800 alte Gegenst\u00e4nde, die bei Aktivit\u00e4ten benutzt wurden, die mit dem Meer, den Feldern, der Schwefelmine von Conil und den H\u00e4usern von Conil Mitte des 19. Jahrhunderts zusammenh\u00e4ngen.<\/p>\n<p>Die alten Mehlm\u00fchlen <strong>Molinos de Harina<\/strong> sind ein weiterer Pflichtbesuch, den sich die Sommerurlauber nicht entgehen lassen d\u00fcrfen. Von den drei restaurierten M\u00fchlen, die noch erhalten sind, ist eine <strong>von besonderem Interesse f\u00fcr die Fans der Astronomie.<\/strong> Auf dem Dach gibt es eine Kuppel, um die Sterne zu beobachten. Ein toller Plan f\u00fcr die Sternenhimmel in den Sommern\u00e4chten.<\/p>\n<h2>Ausfl\u00fcge von Conil<\/h2>\n<p>Conil liegt zwischen den Gemeinden von <strong>Vejer de la Frontera<\/strong> und <strong>Chiclana<\/strong>, 43 Kilometer von der Provinzhauptstadt <strong>C\u00e1diz<\/strong> entfernt. Drei sehenswerte Orte, die sich w\u00e4hrend Ihres Urlaubs in Conil f\u00fcr <a href=\"https:\/\/www.fuertehoteles.com\/de\/reiseziele\/conil-urlaub\/ausfluge\/\">einen Ausflug eignen<\/a>. Sie k\u00f6nnen sich aber auch f\u00fcr einen Besuch von <strong>Jerez de la Frontera<\/strong> und <strong>Gibraltar<\/strong> entscheiden.<\/p>\n<p>Au\u00dferhalb der Provinz C\u00e1diz, bietet sich <strong>Sevilla<\/strong> f\u00fcr einen Ausflug von Conil an.<\/p>\n<h2 class=\"page-title2\">Das Wetter in Conil de la Frontera<\/h2>\n<p><a class=\"weatherwidget-io\" href=\"https:\/\/forecast7.com\/de\/36d28n6d09\/conil-de-la-frontera\/\" data-label_1=\"Conil de la Frontera\" data-label_2=\"Wetter\" data-theme=\"weather_one\">Conil de la Frontera Wetter<\/a><br \/>\n<script>\n!function(d,s,id){var js,fjs=d.getElementsByTagName(s)[0];if(!d.getElementById(id)){js=d.createElement(s);js.id=id;js.src='https:\/\/weatherwidget.io\/js\/widget.min.js';fjs.parentNode.insertBefore(js,fjs);}}(document,'script','weatherwidget-io-js');\n<\/script><\/p>\n<p>Es gibt nur wenige Orte auf der Welt, die mit \u00fcber 3.000 Sonnenstunden pro Jahr gesegnet sind. Conil ist einer davon. Kein Wunder, dass die Region den Beinamen Costa de la Luz (K\u00fcste des Lichts) tr\u00e4gt.Das Klima in Conil de la Frontera ist ideal f\u00fcr jegliche Outdoor-Aktivit\u00e4ten und um die unber\u00fchrten Str\u00e4nde, die Pinienw\u00e4lder und bunten Wiesen zu genie\u00dfen \u2013 denn von Regen werden Sie nur selten \u00fcberrascht werden. Zwischen den Monaten November und April ist die Regenwahrscheinlichkeit am h\u00f6chsten. W\u00e4hrend des Sommers ist das Klima angenehm warm. Es werden kaum 30\u00b0 C \u00fcberschritten. Im Winter ist die Temperatur perfekt, da sie in der Regel nicht unter 15\u00b0 C sinkt.<\/p>\n<h3>Mehr Artikel dazu<\/h3>\n<p><a href=\"http:\/\/blog.fuertehoteles.com\/de\/destinationen\/wie-nach-conil-gelangen\/\" target=\"_blank\" rel=\"noopener\">Conil: 6 wege, um an diesen zauberhaften ort an der Costa de la Luz zu gelangen<\/a><br \/>\n<a href=\"http:\/\/blog.fuertehoteles.com\/de\/destinationen\/20-dinge-die-sie-sich-conil\/\" target=\"_blank\" rel=\"noopener\">28 dinge, die sie sich in Conil de la Frontera nicht entgehen lassen d\u00fcrfen<\/a>[\/vc_column_text][vc_empty_space height=&#8220;60px&#8220;][\/vc_column][\/vc_row][vc_section full_width=&#8220;stretch_row&#8220; content_placement=&#8220;top&#8220; css_animation=&#8220;fadeInUp&#8220; css=&#8220;.vc_custom_1640084046504{background-image: url(https:\/\/www.fuertehoteles.com\/wp-content\/uploads\/2019\/07\/multi-purpose-2.jpg?id=116806) !important;}&#8220; el_class=&#8220;fh-destination-section-multipurpose&#8220;][vc_row full_width=&#8220;stretch_row&#8220; el_class=&#8220;fh-destination-row-multipurpose-title&#8220;][vc_column][vc_column_text css_animation=&#8220;fadeInUp&#8220; el_class=&#8220;fh-destination-content-title&#8220;]\n<h3 style=\"text-align: center;\">Im S\u00fcden Ihrer Tr\u00e4ume<\/h3>\n[\/vc_column_text][vc_column_text css_animation=&#8220;fadeInUp&#8220; el_class=&#8220;fh-destination-content-divider&#8220;]\n<hr \/>\n[\/vc_column_text][\/vc_column][\/vc_row][vc_row full_width=&#8220;stretch_row&#8220; gap=&#8220;15&#8243; equal_height=&#8220;yes&#8220; content_placement=&#8220;top&#8220; css_animation=&#8220;fadeInUp&#8220; disable_element=&#8220;yes&#8220; el_class=&#8220;fh-hotel-row-multipurpose-content&#8220;][vc_column width=&#8220;1\/3&#8243; el_class=&#8220;fh-hotel-row-multipurpose-box&#8220; offset=&#8220;vc_col-lg-offset-0 vc_col-lg-4 vc_col-md-offset-0 vc_col-md-4 vc_col-sm-offset-0 vc_col-xs-12&#8243;][vc_single_image image=&#8220;118098&#8243; img_size=&#8220;full&#8220; onclick=&#8220;custom_link&#8220; link=&#8220;#&#8220; el_class=&#8220;has-video conil-home-video&#8220;][vc_custom_heading text=&#8220;We are your Sun&#8220; font_container=&#8220;tag:h3|text_align:left|color:%23373935&#8243; use_theme_fonts=&#8220;yes&#8220; css=&#8220;.vc_custom_1570114400480{padding-bottom: 10px !important;}&#8220; el_class=&#8220;fh-hotel-row-multipurpose-box-title&#8220;][vc_column_text el_class=&#8220;fh-hotel-row-multipurpose-box-text&#8220;]Unser Staff Ambassador Cristina L\u00f3pez pr\u00e4sentiert uns das Beste vom Hotel Fuerte Conil-Resort und unz\u00e4hlige Dinge, die man in Conil de la Frontera anschauen und besuchen kann.[\/vc_column_text][vc_column_text el_class=&#8220;fh-button conil-home-video&#8220;]<a href=\"#\">Video ansehen <i class=\"ffhh-actions-play\" title=\"\"><\/i><\/a>[\/vc_column_text]<div id=\"modal-trg-txt-wrap-7986\" class=\"ult-modal-input-wrapper ult-adjust-bottom-margin    \" data-keypress-control=\"keypress-control-enable\" data-overlay-control=\"overlay-control-enable\"><span data-class-id=\"content-69ee44fe06b074-45739046\"><\/span>\r\n\t\t\t\t<script type=\"text\/javascript\">\r\n\t\t\t\t(function($){\r\n\t\t\t\t\t$(document).ready(function(){\r\n\t\t\t\t\t\tvar selector = \".conil-home-video\";\r\n\t\t\t\t\t\t$(selector).addClass(\"custom-ult-modal overlay-show\");\r\n\t\t\t\t\t\t$(selector).attr(\"data-class-id\", \"content-69ee44fe06b074-45739046\");\r\n\t\t\t\t\t\t$(selector).attr(\"data-overlay-class\", \"overlay-slideup\");\r\n\t\t\t\t\t\t$(selector).attr(\"data-keypress-control\", \"keypress-control-enable\");\r\n\t\t\t\t\t\t$(selector).attr(\"data-overlay-control\", \"overlay-control-enable\");\r\n\t\t\t\t\t});\r\n\t\t\t\t})(jQuery);\r\n\t\t\t\t<\/script><\/div>\n<div class=\"ult-overlay content-69ee44fe06b074-45739046 \" data-class=\"content-69ee44fe06b074-45739046\" id=\"button-click-overlay\" style=\"background:rgba(51,66,21,0.8); display:none;\">\n\t<div class=\"ult_modal ult-fade ult-medium\">\n\t\t<div id=\"ult-modal-wrap-161\" class=\"ult_modal-content ult-hide\" style=\"border-style:solid;border-width:2px;border-radius:0px;border-color:#333333;\">\n\t\t\t<div  data-ultimate-target='#ult-modal-wrap-161 .ult_modal-body'  data-responsive-json-new='{\"font-size\":\"\",\"line-height\":\"\"}'  class=\"ult_modal-body ult-responsive ult-youtube\" style=\"\">\n\t\t\t<iframe loading=\"lazy\" src=\"https:\/\/www.youtube.com\/embed\/XD-0i_kjuAw\" width=\"560\" height=\"315\" frameborder=\"0\" allowfullscreen=\"allowfullscreen\"><\/iframe>\n\t\t\t<\/div>\n\t<\/div>\n\t<\/div>\n\t<div class=\"ult-overlay-close top-right\" style=\"width:40px;height:40px; \"><div class=\"ult-overlay-close-inside\">Close<\/div><\/div>\n<\/div>[\/vc_column][vc_column width=&#8220;1\/3&#8243; el_class=&#8220;fh-hotel-row-multipurpose-box&#8220; offset=&#8220;vc_col-lg-offset-0 vc_col-lg-4 vc_col-md-offset-0 vc_col-md-4 vc_col-sm-offset-0 vc_col-xs-12&#8243;][vc_single_image image=&#8220;117746&#8243; img_size=&#8220;full&#8220; onclick=&#8220;custom_link&#8220; link=&#8220;#&#8220; el_class=&#8220;has-video conil-home-video-2&#8243;][vc_custom_heading text=&#8220;Magie an Ihrem Zielort&#8220; font_container=&#8220;tag:h3|text_align:left|color:%23373935&#8243; use_theme_fonts=&#8220;yes&#8220; css=&#8220;.vc_custom_1570174828213{padding-bottom: 10px !important;}&#8220; el_class=&#8220;fh-hotel-row-multipurpose-box-title&#8220;][vc_column_text el_class=&#8220;fh-hotel-row-multipurpose-box-text&#8220;]Die Familie Happy Ohana zeigt uns die Geheimnisse der Costa de la Luz und die Anreize, die die Provinz Cadiz anbietet.[\/vc_column_text][vc_column_text el_class=&#8220;fh-button conil-home-video-2&#8243;]<a href=\"#\">Video ansehen <i class=\"ffhh-actions-play\" title=\"\"><\/i><\/a>[\/vc_column_text]<div id=\"modal-trg-txt-wrap-2688\" class=\"ult-modal-input-wrapper ult-adjust-bottom-margin    \" data-keypress-control=\"keypress-control-enable\" data-overlay-control=\"overlay-control-enable\"><span data-class-id=\"content-69ee44fe06e948-06180684\"><\/span>\r\n\t\t\t\t<script type=\"text\/javascript\">\r\n\t\t\t\t(function($){\r\n\t\t\t\t\t$(document).ready(function(){\r\n\t\t\t\t\t\tvar selector = \".conil-home-video-2\";\r\n\t\t\t\t\t\t$(selector).addClass(\"custom-ult-modal overlay-show\");\r\n\t\t\t\t\t\t$(selector).attr(\"data-class-id\", \"content-69ee44fe06e948-06180684\");\r\n\t\t\t\t\t\t$(selector).attr(\"data-overlay-class\", \"overlay-slideup\");\r\n\t\t\t\t\t\t$(selector).attr(\"data-keypress-control\", \"keypress-control-enable\");\r\n\t\t\t\t\t\t$(selector).attr(\"data-overlay-control\", \"overlay-control-enable\");\r\n\t\t\t\t\t});\r\n\t\t\t\t})(jQuery);\r\n\t\t\t\t<\/script><\/div>\n<div class=\"ult-overlay content-69ee44fe06e948-06180684 \" data-class=\"content-69ee44fe06e948-06180684\" id=\"button-click-overlay\" style=\"background:rgba(51,66,21,0.8); display:none;\">\n\t<div class=\"ult_modal ult-fade ult-medium\">\n\t\t<div id=\"ult-modal-wrap-1055\" class=\"ult_modal-content ult-hide\" style=\"border-style:solid;border-width:2px;border-radius:0px;border-color:#333333;\">\n\t\t\t<div  data-ultimate-target='#ult-modal-wrap-1055 .ult_modal-body'  data-responsive-json-new='{\"font-size\":\"\",\"line-height\":\"\"}'  class=\"ult_modal-body ult-responsive ult-youtube\" style=\"\">\n\t\t\t<iframe loading=\"lazy\" src=\"https:\/\/www.youtube.com\/embed\/nu9xE5IYFVo\" width=\"300\" height=\"150\" frameborder=\"0\" allowfullscreen=\"allowfullscreen\"><\/iframe>\n\t\t\t<\/div>\n\t<\/div>\n\t<\/div>\n\t<div class=\"ult-overlay-close top-right\" style=\"width:40px;height:40px; \"><div class=\"ult-overlay-close-inside\">Close<\/div><\/div>\n<\/div>[\/vc_column][vc_column width=&#8220;1\/3&#8243; el_class=&#8220;fh-hotel-row-multipurpose-box&#8220; offset=&#8220;vc_col-lg-offset-0 vc_col-lg-4 vc_col-md-offset-0 vc_col-md-4 vc_col-sm-offset-0 vc_col-xs-12&#8243;][vc_single_image image=&#8220;115371&#8243; img_size=&#8220;full&#8220;][vc_custom_heading text=&#8220;Alles, was Sie \u00fcber Conil wissen m\u00fcssen&#8220; font_container=&#8220;tag:h3|text_align:left|color:%23373935&#8243; use_theme_fonts=&#8220;yes&#8220; css=&#8220;.vc_custom_1570174841397{padding-bottom: 10px !important;}&#8220; el_class=&#8220;fh-hotel-row-multipurpose-box-title&#8220;][vc_column_text el_class=&#8220;fh-hotel-row-multipurpose-box-text&#8220;]In unserem Blog finden Sie alle n\u00fctzlichen Informationen: was kann man besichtigen und besuchen, die Anfahrt, Restaurants, Sportaktivit\u00e4ten usw.[\/vc_column_text][vc_column_text el_class=&#8220;fh-button&#8220;]<a href=\"https:\/\/blog.fuertehoteles.com\/de\/?s=conil\" target=\"_blank\" rel=\"noopener\">Mehr lessen <i class=\"ffhh-actions-more\" title=\"\"><\/i><\/a>[\/vc_column_text][\/vc_column][\/vc_row][vc_row full_width=&#8220;stretch_row&#8220; gap=&#8220;15&#8243; equal_height=&#8220;yes&#8220; content_placement=&#8220;top&#8220; el_class=&#8220;.fh-destination-row-multipurpose-slider&#8220;][vc_column]<div id=\"ult-carousel-280285495569ee44fe072ce\" class=\"ult-carousel-wrapper  fh-hotel-row-multipurpose-slider ult_horizontal\" data-gutter=\"10\" data-rtl=\"false\" ><div class=\"ult-carousel-191932173369ee44fe071d9 \" >[vc_row_inner][vc_column_inner][vc_single_image image=&#8220;118098&#8243; img_size=&#8220;full&#8220; onclick=&#8220;custom_link&#8220; link=&#8220;#&#8220; el_class=&#8220;has-video conil-home-video&#8220;][vc_custom_heading text=&#8220;We are your Sun&#8220; font_container=&#8220;tag:h3|text_align:left|color:%23373935&#8243; use_theme_fonts=&#8220;yes&#8220; css=&#8220;.vc_custom_1611146757600{padding-bottom: 10px !important;}&#8220; el_class=&#8220;fh-destination-row-multipurpose-slider-title&#8220;][vc_column_text el_class=&#8220;.fh-destination-row-multipurpose-slider-text&#8220;]Unser Staff Ambassador Cristina L\u00f3pez pr\u00e4sentiert uns das Beste vom Hotel Fuerte Conil-Resort und unz\u00e4hlige Dinge, die man in Conil de la Frontera anschauen und besuchen kann.[\/vc_column_text][vc_column_text el_class=&#8220;.fh-destination-row-multipurpose-slider-button fh-button conil-home-video&#8220;]<a href=\"#\">Video ansehen<\/a>[\/vc_column_text]<div class=\"ult-item-wrap\" data-animation=\"animated no-animation\"><div id=\"modal-trg-txt-wrap-2556\" class=\"ult-modal-input-wrapper ult-adjust-bottom-margin    \" data-keypress-control=\"keypress-control-enable\" data-overlay-control=\"overlay-control-enable\"><span data-class-id=\"content-69ee44fe073c20-02542261\"><\/span>\r\n\t\t\t\t<script type=\"text\/javascript\">\r\n\t\t\t\t(function($){\r\n\t\t\t\t\t$(document).ready(function(){\r\n\t\t\t\t\t\tvar selector = \".conil-home-video\";\r\n\t\t\t\t\t\t$(selector).addClass(\"custom-ult-modal overlay-show\");\r\n\t\t\t\t\t\t$(selector).attr(\"data-class-id\", \"content-69ee44fe073c20-02542261\");\r\n\t\t\t\t\t\t$(selector).attr(\"data-overlay-class\", \"overlay-slideup\");\r\n\t\t\t\t\t\t$(selector).attr(\"data-keypress-control\", \"keypress-control-enable\");\r\n\t\t\t\t\t\t$(selector).attr(\"data-overlay-control\", \"overlay-control-enable\");\r\n\t\t\t\t\t});\r\n\t\t\t\t})(jQuery);\r\n\t\t\t\t<\/script><\/div>\n<div class=\"ult-overlay content-69ee44fe073c20-02542261 \" data-class=\"content-69ee44fe073c20-02542261\" id=\"button-click-overlay\" style=\"background:rgba(51,66,21,0.8); display:none;\">\n\t<div class=\"ult_modal ult-fade ult-medium\">\n\t\t<div id=\"ult-modal-wrap-719\" class=\"ult_modal-content ult-hide\" style=\"border-style:solid;border-width:2px;border-radius:0px;border-color:#333333;\">\n\t\t\t<div  data-ultimate-target='#ult-modal-wrap-719 .ult_modal-body'  data-responsive-json-new='{\"font-size\":\"\",\"line-height\":\"\"}'  class=\"ult_modal-body ult-responsive ult-youtube\" style=\"\">\n\t\t\t<iframe loading=\"lazy\" src=\"https:\/\/www.youtube.com\/embed\/ZlmSAhl3Pk0\" width=\"560\" height=\"315\" frameborder=\"0\" allowfullscreen=\"allowfullscreen\"><\/iframe>\n\t\t\t<\/div>\n\t<\/div>\n\t<\/div>\n\t<div class=\"ult-overlay-close top-right\" style=\"width:40px;height:40px; \"><div class=\"ult-overlay-close-inside\">Close<\/div><\/div>\n<\/div><\/div>[\/vc_column_inner][\/vc_row_inner][vc_row_inner][vc_column_inner][vc_single_image image=&#8220;117746&#8243; img_size=&#8220;full&#8220; onclick=&#8220;custom_link&#8220; link=&#8220;#&#8220; el_class=&#8220;has-video conil-home-video-2&#8243;][vc_custom_heading text=&#8220;Magie an Ihrem Zielort&#8220; font_container=&#8220;tag:h3|text_align:left|color:%23373935&#8243; use_theme_fonts=&#8220;yes&#8220; css=&#8220;.vc_custom_1611146784467{padding-bottom: 10px !important;}&#8220; el_class=&#8220;fh-destination-row-multipurpose-slider-title&#8220;][vc_column_text el_class=&#8220;.fh-destination-row-multipurpose-slider-text&#8220;]Die Familie Happy Ohana zeigt uns die Geheimnisse der Costa de la Luz und die Anreize, die die Provinz Cadiz anbietet.[\/vc_column_text][vc_column_text el_class=&#8220;.fh-destination-row-multipurpose-slider-button fh-button conil-home-video-2&#8243;]<a href=\"#\">Video ansehen<\/a>[\/vc_column_text]<div class=\"ult-item-wrap\" data-animation=\"animated no-animation\"><div id=\"modal-trg-txt-wrap-5638\" class=\"ult-modal-input-wrapper ult-adjust-bottom-margin    \" data-keypress-control=\"keypress-control-enable\" data-overlay-control=\"overlay-control-enable\"><span data-class-id=\"content-69ee44fe074201-96488627\"><\/span>\r\n\t\t\t\t<script type=\"text\/javascript\">\r\n\t\t\t\t(function($){\r\n\t\t\t\t\t$(document).ready(function(){\r\n\t\t\t\t\t\tvar selector = \".conil-home-video-2\";\r\n\t\t\t\t\t\t$(selector).addClass(\"custom-ult-modal overlay-show\");\r\n\t\t\t\t\t\t$(selector).attr(\"data-class-id\", \"content-69ee44fe074201-96488627\");\r\n\t\t\t\t\t\t$(selector).attr(\"data-overlay-class\", \"overlay-slideup\");\r\n\t\t\t\t\t\t$(selector).attr(\"data-keypress-control\", \"keypress-control-enable\");\r\n\t\t\t\t\t\t$(selector).attr(\"data-overlay-control\", \"overlay-control-enable\");\r\n\t\t\t\t\t});\r\n\t\t\t\t})(jQuery);\r\n\t\t\t\t<\/script><\/div>\n<div class=\"ult-overlay content-69ee44fe074201-96488627 \" data-class=\"content-69ee44fe074201-96488627\" id=\"button-click-overlay\" style=\"background:rgba(51,66,21,0.8); display:none;\">\n\t<div class=\"ult_modal ult-fade ult-medium\">\n\t\t<div id=\"ult-modal-wrap-782\" class=\"ult_modal-content ult-hide\" style=\"border-style:solid;border-width:2px;border-radius:0px;border-color:#333333;\">\n\t\t\t<div  data-ultimate-target='#ult-modal-wrap-782 .ult_modal-body'  data-responsive-json-new='{\"font-size\":\"\",\"line-height\":\"\"}'  class=\"ult_modal-body ult-responsive ult-youtube\" style=\"\">\n\t\t\t<iframe loading=\"lazy\" src=\"https:\/\/www.youtube.com\/embed\/pR4UPe5M3BQ\" width=\"300\" height=\"150\" frameborder=\"0\" allowfullscreen=\"allowfullscreen\"><\/iframe>\n\t\t\t<\/div>\n\t<\/div>\n\t<\/div>\n\t<div class=\"ult-overlay-close top-right\" style=\"width:40px;height:40px; \"><div class=\"ult-overlay-close-inside\">Close<\/div><\/div>\n<\/div><\/div>[\/vc_column_inner][\/vc_row_inner][vc_row_inner][vc_column_inner][vc_single_image image=&#8220;115371&#8243; img_size=&#8220;full&#8220;][vc_custom_heading text=&#8220;Alles, was Sie \u00fcber Conil wissen m\u00fcssen&#8220; font_container=&#8220;tag:h3|text_align:left|color:%23373935&#8243; use_theme_fonts=&#8220;yes&#8220; css=&#8220;.vc_custom_1611146810703{padding-bottom: 10px !important;}&#8220; el_class=&#8220;fh-destination-row-multipurpose-slider-title&#8220;][vc_column_text el_class=&#8220;.fh-destination-row-multipurpose-slider-text&#8220;]In unserem Blog finden Sie alle n\u00fctzlichen Informationen: was kann man besichtigen und besuchen, die Anfahrt, Restaurants, Sportaktivit\u00e4ten usw.[\/vc_column_text][vc_column_text el_class=&#8220;.fh-destination-row-multipurpose-slider-button fh-button readmore&#8220;]<a href=\"https:\/\/blog.fuertehoteles.com\/de\/?s=conil\" target=\"_blank\" rel=\"noopener\">Mehr lesen<\/a>[\/vc_column_text][\/vc_column_inner][\/vc_row_inner]<\/div><\/div>\t\t\t<script type=\"text\/javascript\">\r\n\t\t\t\tjQuery(document).ready(function ($) {\r\n\t\t\t\t\tif( typeof jQuery('.ult-carousel-191932173369ee44fe071d9').slick == \"function\"){\r\n\t\t\t\t\t\t$('.ult-carousel-191932173369ee44fe071d9').slick({dots: false,autoplaySpeed: 5000,speed: 300,infinite: false,arrows: true,nextArrow: '<button type=\"button\" role=\"button\" aria-label=\"Next\" style=\"color:#888888; font-size:20px;border:px solid ;\" class=\"slick-next circle-border\"><i class=\"ultsl-arrow-right6\"><\/i><\/button>',prevArrow: '<button type=\"button\" role=\"button\" aria-label=\"Previous\" style=\"color:#888888; font-size:20px;border:px solid ;\" class=\"slick-prev circle-border\"><i class=\"ultsl-arrow-left6\"><\/i><\/button>',slidesToScroll:1,slidesToShow:3,swipe: true,draggable: true,touchMove: true,pauseOnHover: true,pauseOnFocus: false,adaptiveHeight: true,responsive: [\r\n\t\t\t\t\t\t\t{\r\n\t\t\t\t\t\t\t  breakpoint: 1026,\r\n\t\t\t\t\t\t\t  settings: {\r\n\t\t\t\t\t\t\t\tslidesToShow: 3,\r\n\t\t\t\t\t\t\t\tslidesToScroll: 1,  \r\n\t\t\t\t\t\t\t  }\r\n\t\t\t\t\t\t\t},\r\n\t\t\t\t\t\t\t{\r\n\t\t\t\t\t\t\t  breakpoint: 1025,\r\n\t\t\t\t\t\t\t  settings: {\r\n\t\t\t\t\t\t\t\tslidesToShow: 3,\r\n\t\t\t\t\t\t\t\tslidesToScroll: 1\r\n\t\t\t\t\t\t\t  }\r\n\t\t\t\t\t\t\t},\r\n\t\t\t\t\t\t\t{\r\n\t\t\t\t\t\t\t  breakpoint: 760,\r\n\t\t\t\t\t\t\t  settings: {\r\n\t\t\t\t\t\t\t\tslidesToShow: 1,\r\n\t\t\t\t\t\t\t\tslidesToScroll: 1\r\n\t\t\t\t\t\t\t  }\r\n\t\t\t\t\t\t\t}\r\n\t\t\t\t\t\t],pauseOnDotsHover: true,customPaging: function(slider, i) {\r\n                   return '<i type=\"button\" style= \"color:#333333;\" class=\"ultsl-record\" data-role=\"none\"><\/i>';\r\n                },});\r\n\t\t\t\t\t}\r\n\t\t\t\t});\r\n\t\t\t<\/script>\r\n\t\t\t[\/vc_column][\/vc_row][vc_row disable_element=&#8220;yes&#8220; el_class=&#8220;fh-destination-row-all-inclusive&#8220;][vc_column url=&#8220;url:https%3A%2F%2Fwww.fuertehoteles.com%2Fde%2Ffuerte-splendid%2F|||&#8220;][vc_column_text css_animation=&#8220;fadeInUp&#8220; el_class=&#8220;fh-destination-content-title&#8220;]\n<h3 style=\"text-align: right;\"><i class=\"fh-hotels-reasons-splendid\" title=\"\"><\/i> All inclusive<\/h3>\n[\/vc_column_text][vc_column_text css_animation=&#8220;fadeInUp&#8220; el_class=&#8220;fh-destination-content-divider&#8220;]\n<hr \/>\n[\/vc_column_text][vc_column_text css_animation=&#8220;fadeInUp&#8220; el_class=&#8220;fh-destination-content-text&#8220;]\n<p style=\"text-align: right;\">Das Hotel Fuerte Conil-Resort wird 2021 ein All-inclusive-Paket einf\u00fchren.<br \/>\n(Verf\u00fcgbar vom 19.06.2021 bis 15.09.2021).<\/p>\n<p style=\"text-align: right;\"><strong>Genie\u00dfen Sie es, ohne sich Sorgen zu machen!<\/strong><\/p>\n[\/vc_column_text][vc_column_text el_class=&#8220;fh-destination-row-all-inclusive-novelty&#8220;]Neu im Jahr 2020[\/vc_column_text][\/vc_column][\/vc_row][\/vc_section]\n","protected":false},"excerpt":{"rendered":"<p>[vc_row][vc_column el_class=&#8220;destination-content&#8220;][vc_column_text] Ihr Urlaub in Conil de la Frontera Conil de la Frontera ist eines der sch\u00f6nsten Urlaubsziele an der Costa de la Luz. Nationale und ausl\u00e4ndische Touristen w\u00e4hlen diesen Ort aus, um hier Ostern, Wochenenden, den Sommer und alle anderen Epochen des Jahres zu verbringen. Sie m\u00f6chten seine unber\u00fchrten, goldfarbenen Sandstr\u00e4nde und Buchten, seine<\/p>\n","protected":false},"author":6,"featured_media":1575,"parent":4233,"menu_order":0,"comment_status":"closed","ping_status":"closed","template":"templates\/destination.php","meta":{"footnotes":""},"class_list":["post-4516","page","type-page","status-publish","hentry"],"yoast_head":"<!-- This site is optimized with the Yoast SEO plugin v22.4 - https:\/\/yoast.com\/wordpress\/plugins\/seo\/ -->\n<title>Urlaub in Conil de la Frontera, der beste Urlaub in Conil<\/title>\n<meta name=\"description\" content=\"Entdecken Sie das sch\u00f6ne Dorf von Conil. Wir von Fuerte Hoteles haben f\u00fcr Sie die exklusiven Geheimtipps! Urlaub in Conil de la Frontera.\" \/>\n<meta name=\"robots\" content=\"index, follow, max-snippet:-1, max-image-preview:large, max-video-preview:-1\" \/>\n<link rel=\"canonical\" href=\"https:\/\/www.fuertehoteles.com\/de\/reiseziele\/conil-urlaub\/\" \/>\n<meta property=\"og:locale\" content=\"de_DE\" \/>\n<meta property=\"og:type\" content=\"article\" \/>\n<meta property=\"og:title\" content=\"Urlaub in Conil de la Frontera, der beste Urlaub in Conil\" \/>\n<meta property=\"og:description\" content=\"Entdecken Sie das sch\u00f6ne Dorf von Conil. Wir von Fuerte Hoteles haben f\u00fcr Sie die exklusiven Geheimtipps! Urlaub in Conil de la Frontera.\" \/>\n<meta property=\"og:url\" content=\"https:\/\/www.fuertehoteles.com\/de\/reiseziele\/conil-urlaub\/\" \/>\n<meta property=\"og:site_name\" content=\"Fuerte Hoteles\" \/>\n<meta property=\"article:publisher\" content=\"https:\/\/www.facebook.com\/HotelesFuerte\" \/>\n<meta property=\"article:modified_time\" content=\"2024-01-03T09:37:09+00:00\" \/>\n<meta property=\"og:image\" content=\"https:\/\/www.fuertehoteles.com\/wp-content\/uploads\/2021\/11\/vacaciones-en-conil.jpg\" \/>\n\t<meta property=\"og:image:width\" content=\"1920\" \/>\n\t<meta property=\"og:image:height\" content=\"540\" \/>\n\t<meta property=\"og:image:type\" content=\"image\/jpeg\" \/>\n<meta name=\"twitter:card\" content=\"summary_large_image\" \/>\n<meta name=\"twitter:site\" content=\"@fuertehoteles\" \/>\n<meta name=\"twitter:label1\" content=\"Gesch\u00e4tzte Lesezeit\" \/>\n\t<meta name=\"twitter:data1\" content=\"11\u00a0Minuten\" \/>\n<script type=\"application\/ld+json\" class=\"yoast-schema-graph\">{\"@context\":\"https:\/\/schema.org\",\"@graph\":[{\"@type\":\"WebPage\",\"@id\":\"https:\/\/www.fuertehoteles.com\/de\/reiseziele\/conil-urlaub\/\",\"url\":\"https:\/\/www.fuertehoteles.com\/de\/reiseziele\/conil-urlaub\/\",\"name\":\"Urlaub in Conil de la Frontera, der beste Urlaub in Conil\",\"isPartOf\":{\"@id\":\"https:\/\/www.fuertehoteles.com\/#website\"},\"primaryImageOfPage\":{\"@id\":\"https:\/\/www.fuertehoteles.com\/de\/reiseziele\/conil-urlaub\/#primaryimage\"},\"image\":{\"@id\":\"https:\/\/www.fuertehoteles.com\/de\/reiseziele\/conil-urlaub\/#primaryimage\"},\"thumbnailUrl\":\"https:\/\/www.fuertehoteles.com\/wp-content\/uploads\/2021\/11\/vacaciones-en-conil.jpg\",\"datePublished\":\"2021-11-26T12:45:53+00:00\",\"dateModified\":\"2024-01-03T09:37:09+00:00\",\"description\":\"Entdecken Sie das sch\u00f6ne Dorf von Conil. Wir von Fuerte Hoteles haben f\u00fcr Sie die exklusiven Geheimtipps! Urlaub in Conil de la Frontera.\",\"breadcrumb\":{\"@id\":\"https:\/\/www.fuertehoteles.com\/de\/reiseziele\/conil-urlaub\/#breadcrumb\"},\"inLanguage\":\"de\",\"potentialAction\":[{\"@type\":\"ReadAction\",\"target\":[\"https:\/\/www.fuertehoteles.com\/de\/reiseziele\/conil-urlaub\/\"]}]},{\"@type\":\"ImageObject\",\"inLanguage\":\"de\",\"@id\":\"https:\/\/www.fuertehoteles.com\/de\/reiseziele\/conil-urlaub\/#primaryimage\",\"url\":\"https:\/\/www.fuertehoteles.com\/wp-content\/uploads\/2021\/11\/vacaciones-en-conil.jpg\",\"contentUrl\":\"https:\/\/www.fuertehoteles.com\/wp-content\/uploads\/2021\/11\/vacaciones-en-conil.jpg\",\"width\":1920,\"height\":540,\"caption\":\"Vacaciones en Conil\"},{\"@type\":\"BreadcrumbList\",\"@id\":\"https:\/\/www.fuertehoteles.com\/de\/reiseziele\/conil-urlaub\/#breadcrumb\",\"itemListElement\":[{\"@type\":\"ListItem\",\"position\":1,\"name\":\"Portada\",\"item\":\"https:\/\/www.fuertehoteles.com\/de\/\"},{\"@type\":\"ListItem\",\"position\":2,\"name\":\"Reiseziele\",\"item\":\"https:\/\/www.fuertehoteles.com\/de\/reiseziele\/\"},{\"@type\":\"ListItem\",\"position\":3,\"name\":\"Conil de la Frontera\"}]},{\"@type\":\"WebSite\",\"@id\":\"https:\/\/www.fuertehoteles.com\/#website\",\"url\":\"https:\/\/www.fuertehoteles.com\/\",\"name\":\"Fuerte Hoteles\",\"description\":\"\",\"publisher\":{\"@id\":\"https:\/\/www.fuertehoteles.com\/#organization\"},\"potentialAction\":[{\"@type\":\"SearchAction\",\"target\":{\"@type\":\"EntryPoint\",\"urlTemplate\":\"https:\/\/www.fuertehoteles.com\/?s={search_term_string}\"},\"query-input\":\"required name=search_term_string\"}],\"inLanguage\":\"de\"},{\"@type\":\"Organization\",\"@id\":\"https:\/\/www.fuertehoteles.com\/#organization\",\"name\":\"Fuerte Hoteles\",\"url\":\"https:\/\/www.fuertehoteles.com\/\",\"logo\":{\"@type\":\"ImageObject\",\"inLanguage\":\"de\",\"@id\":\"https:\/\/www.fuertehoteles.com\/#\/schema\/logo\/image\/\",\"url\":\"https:\/\/www.fuertehoteles.com\/wp-content\/uploads\/2022\/09\/logo-ffhh-1.jpg\",\"contentUrl\":\"https:\/\/www.fuertehoteles.com\/wp-content\/uploads\/2022\/09\/logo-ffhh-1.jpg\",\"width\":500,\"height\":500,\"caption\":\"Fuerte Hoteles\"},\"image\":{\"@id\":\"https:\/\/www.fuertehoteles.com\/#\/schema\/logo\/image\/\"},\"sameAs\":[\"https:\/\/www.facebook.com\/HotelesFuerte\",\"https:\/\/twitter.com\/fuertehoteles\",\"https:\/\/www.instagram.com\/fuertehoteles\/\",\"https:\/\/www.linkedin.com\/company\/fuerte-hoteles\/\",\"https:\/\/www.youtube.com\/user\/fuertehoteles\",\"https:\/\/en.wikipedia.org\/wiki\/Fuerte_Hotels\"]}]}<\/script>\n<!-- \/ Yoast SEO plugin. -->","yoast_head_json":{"title":"Urlaub in Conil de la Frontera, der beste Urlaub in Conil","description":"Entdecken Sie das sch\u00f6ne Dorf von Conil. Wir von Fuerte Hoteles haben f\u00fcr Sie die exklusiven Geheimtipps! Urlaub in Conil de la Frontera.","robots":{"index":"index","follow":"follow","max-snippet":"max-snippet:-1","max-image-preview":"max-image-preview:large","max-video-preview":"max-video-preview:-1"},"canonical":"https:\/\/www.fuertehoteles.com\/de\/reiseziele\/conil-urlaub\/","og_locale":"de_DE","og_type":"article","og_title":"Urlaub in Conil de la Frontera, der beste Urlaub in Conil","og_description":"Entdecken Sie das sch\u00f6ne Dorf von Conil. Wir von Fuerte Hoteles haben f\u00fcr Sie die exklusiven Geheimtipps! Urlaub in Conil de la Frontera.","og_url":"https:\/\/www.fuertehoteles.com\/de\/reiseziele\/conil-urlaub\/","og_site_name":"Fuerte Hoteles","article_publisher":"https:\/\/www.facebook.com\/HotelesFuerte","article_modified_time":"2024-01-03T09:37:09+00:00","og_image":[{"width":1920,"height":540,"url":"https:\/\/www.fuertehoteles.com\/wp-content\/uploads\/2021\/11\/vacaciones-en-conil.jpg","type":"image\/jpeg"}],"twitter_card":"summary_large_image","twitter_site":"@fuertehoteles","twitter_misc":{"Gesch\u00e4tzte Lesezeit":"11\u00a0Minuten"},"schema":{"@context":"https:\/\/schema.org","@graph":[{"@type":"WebPage","@id":"https:\/\/www.fuertehoteles.com\/de\/reiseziele\/conil-urlaub\/","url":"https:\/\/www.fuertehoteles.com\/de\/reiseziele\/conil-urlaub\/","name":"Urlaub in Conil de la Frontera, der beste Urlaub in Conil","isPartOf":{"@id":"https:\/\/www.fuertehoteles.com\/#website"},"primaryImageOfPage":{"@id":"https:\/\/www.fuertehoteles.com\/de\/reiseziele\/conil-urlaub\/#primaryimage"},"image":{"@id":"https:\/\/www.fuertehoteles.com\/de\/reiseziele\/conil-urlaub\/#primaryimage"},"thumbnailUrl":"https:\/\/www.fuertehoteles.com\/wp-content\/uploads\/2021\/11\/vacaciones-en-conil.jpg","datePublished":"2021-11-26T12:45:53+00:00","dateModified":"2024-01-03T09:37:09+00:00","description":"Entdecken Sie das sch\u00f6ne Dorf von Conil. Wir von Fuerte Hoteles haben f\u00fcr Sie die exklusiven Geheimtipps! Urlaub in Conil de la Frontera.","breadcrumb":{"@id":"https:\/\/www.fuertehoteles.com\/de\/reiseziele\/conil-urlaub\/#breadcrumb"},"inLanguage":"de","potentialAction":[{"@type":"ReadAction","target":["https:\/\/www.fuertehoteles.com\/de\/reiseziele\/conil-urlaub\/"]}]},{"@type":"ImageObject","inLanguage":"de","@id":"https:\/\/www.fuertehoteles.com\/de\/reiseziele\/conil-urlaub\/#primaryimage","url":"https:\/\/www.fuertehoteles.com\/wp-content\/uploads\/2021\/11\/vacaciones-en-conil.jpg","contentUrl":"https:\/\/www.fuertehoteles.com\/wp-content\/uploads\/2021\/11\/vacaciones-en-conil.jpg","width":1920,"height":540,"caption":"Vacaciones en Conil"},{"@type":"BreadcrumbList","@id":"https:\/\/www.fuertehoteles.com\/de\/reiseziele\/conil-urlaub\/#breadcrumb","itemListElement":[{"@type":"ListItem","position":1,"name":"Portada","item":"https:\/\/www.fuertehoteles.com\/de\/"},{"@type":"ListItem","position":2,"name":"Reiseziele","item":"https:\/\/www.fuertehoteles.com\/de\/reiseziele\/"},{"@type":"ListItem","position":3,"name":"Conil de la Frontera"}]},{"@type":"WebSite","@id":"https:\/\/www.fuertehoteles.com\/#website","url":"https:\/\/www.fuertehoteles.com\/","name":"Fuerte Hoteles","description":"","publisher":{"@id":"https:\/\/www.fuertehoteles.com\/#organization"},"potentialAction":[{"@type":"SearchAction","target":{"@type":"EntryPoint","urlTemplate":"https:\/\/www.fuertehoteles.com\/?s={search_term_string}"},"query-input":"required name=search_term_string"}],"inLanguage":"de"},{"@type":"Organization","@id":"https:\/\/www.fuertehoteles.com\/#organization","name":"Fuerte Hoteles","url":"https:\/\/www.fuertehoteles.com\/","logo":{"@type":"ImageObject","inLanguage":"de","@id":"https:\/\/www.fuertehoteles.com\/#\/schema\/logo\/image\/","url":"https:\/\/www.fuertehoteles.com\/wp-content\/uploads\/2022\/09\/logo-ffhh-1.jpg","contentUrl":"https:\/\/www.fuertehoteles.com\/wp-content\/uploads\/2022\/09\/logo-ffhh-1.jpg","width":500,"height":500,"caption":"Fuerte Hoteles"},"image":{"@id":"https:\/\/www.fuertehoteles.com\/#\/schema\/logo\/image\/"},"sameAs":["https:\/\/www.facebook.com\/HotelesFuerte","https:\/\/twitter.com\/fuertehoteles","https:\/\/www.instagram.com\/fuertehoteles\/","https:\/\/www.linkedin.com\/company\/fuerte-hoteles\/","https:\/\/www.youtube.com\/user\/fuertehoteles","https:\/\/en.wikipedia.org\/wiki\/Fuerte_Hotels"]}]}},"_links":{"self":[{"href":"https:\/\/www.fuertehoteles.com\/de\/wp-json\/wp\/v2\/pages\/4516","targetHints":{"allow":["GET"]}}],"collection":[{"href":"https:\/\/www.fuertehoteles.com\/de\/wp-json\/wp\/v2\/pages"}],"about":[{"href":"https:\/\/www.fuertehoteles.com\/de\/wp-json\/wp\/v2\/types\/page"}],"author":[{"embeddable":true,"href":"https:\/\/www.fuertehoteles.com\/de\/wp-json\/wp\/v2\/users\/6"}],"replies":[{"embeddable":true,"href":"https:\/\/www.fuertehoteles.com\/de\/wp-json\/wp\/v2\/comments?post=4516"}],"version-history":[{"count":2,"href":"https:\/\/www.fuertehoteles.com\/de\/wp-json\/wp\/v2\/pages\/4516\/revisions"}],"predecessor-version":[{"id":152157,"href":"https:\/\/www.fuertehoteles.com\/de\/wp-json\/wp\/v2\/pages\/4516\/revisions\/152157"}],"up":[{"embeddable":true,"href":"https:\/\/www.fuertehoteles.com\/de\/wp-json\/wp\/v2\/pages\/4233"}],"wp:featuredmedia":[{"embeddable":true,"href":"https:\/\/www.fuertehoteles.com\/de\/wp-json\/wp\/v2\/media\/1575"}],"wp:attachment":[{"href":"https:\/\/www.fuertehoteles.com\/de\/wp-json\/wp\/v2\/media?parent=4516"}],"curies":[{"name":"wp","href":"https:\/\/api.w.org\/{rel}","templated":true}]}}