{"id":4551,"date":"2021-11-26T14:31:26","date_gmt":"2021-11-26T13:31:26","guid":{"rendered":"https:\/\/www.fuertehoteles.com\/nos-destinations\/vacances-a-conil\/donde-comer\/"},"modified":"2021-12-20T14:51:12","modified_gmt":"2021-12-20T13:51:12","slug":"ou-manger","status":"publish","type":"page","link":"https:\/\/www.fuertehoteles.com\/fr\/destinations\/vacances-a-conil\/ou-manger\/","title":{"rendered":"Gastronomie"},"content":{"rendered":"[vc_row][vc_column el_class=\u00a0\u00bbdestination-content\u00a0\u00bb][vc_column_text]\n<h1>O\u00f9 manger \u00e0 <strong> Conil de la Frontera \u2013 Vejer \u2013 Sanl\u00facar<\/strong><\/h1>\n<h2>Quelle cuisine \u00e0 Conil de la Frontera ?<\/h2>\n<p>En tant que village de p\u00eache, Conil de la Frontera offre une <strong>gastronomie exceptionnelle concentr\u00e9e sur les produits de la mer<\/strong>. D\u00e9gustez un \u00aburta al horno\u00bb (dorade cuite au four), un \u00abcaz\u00f3n en adobo\u00bb (chien de mer\/requin marin\u00e9), un \u00abat\u00fan encebollado\u00bb (filet de thon &amp; oignons caram\u00e9lis\u00e9s), ou des \u00abcalamares rellenos\u00bb (calamras farcis).<\/p>\n<p><strong>Les salaisons occupent \u00e9galement une place privil\u00e9gi\u00e9e dans la cuisine de Conil<\/strong>, aussi bien le \u00abthon d\u2019ahij\u00e1\u00bb que les salaisons d\u2019\u0153ufs de poisson, sans oublier bien entendu les produits du verger, toujours sains, savoureux et gorg\u00e9s de soleil!<\/p>\n<p>D\u2019autres recettes \u00e0 base de riz servi dans son jus de bouillon \u2018caldillos\u2019 et le \u2018rago\u00fbt d\u2018alcauciles\u2019 (artichauts) m\u00e9ritent eux aussi une petite place sur votre table.<\/p>\n<h3>Route du thon (entre mai et juin)<\/h3>\n<p>Le thon est p\u00each\u00e9 \u00e0 la madrague, c\u2019est l\u2019un des mets les plus appr\u00e9ci\u00e9s de la r\u00e9gion, sain et riche en Omega 3, le thon est \u00e0 la fois bon pour les papilles et pour l\u2019organisme, et <strong>la r\u00e9gion de Cadix compte plusieurs dizaines de recettes de cuisine \u00e0 base de thon.<\/strong><\/p>\n<p>C\u2019est pr\u00e9cis\u00e9ment gr\u00e2ce \u00e0 cette tradition que <strong>Conil de la Frontera a d\u00e9velopp\u00e9 la \u2018Route du Thon\u2019<\/strong> o\u00f9 plus de vingt restaurants, bars de plage et h\u00f4tels, dont l<a title=\"h\u00f4tel Fuerte Conil\u2013Costa Luz,\" href=\"https:\/\/www.fuertehoteles.com\/fr\/hotel\/resort-fuerte-conil-costaluz\/lhotel\/\">\u2019<strong>h\u00f4tel Fuerte Conil\u2013Resort<\/strong><\/a>, pr\u00e9parent des plats savoureux et originaux \u00e0 base de ce poisson frais.<\/p>\n<h3>Plats mijot\u00e9s et viandes<\/h3>\n<p>Vous trouverez d\u2019autres saveurs \u00e9galement intenses dans les diff\u00e9rents plats mijot\u00e9s, comme par exemple les \u00ab papas \u2018ali\u00f1\u00e1s\u2019 \u00bb (pommes de terre assaisonn\u00e9es), l\u2019\u00e9chine entrelard\u00e9e, les boudins et les rillons.<\/p>\n<h3>P\u00e2tisseries de Conil<\/h3>\n<p>Les gourmands ne pourront pas r\u00e9sister \u00e0 la tentation de la p\u00e2tisserie de Conil : gimblettes, \u00abpesti\u00f1os\u00bb (beignets) ou galettes frites \u00e0 l\u2019huile.<\/p>\n<h3>Tapas (amuses bouche)<\/h3>\n<p>Conil est en Espagne, il est donc tr\u00e8s fr\u00e9quent de faire la tourn\u00e9e des \u00ab tapas \u00bb ; les bars typiques de la r\u00e9gion qui se rassemblent en plein centre historique du village vous feront d\u00e9couvrir la grande vari\u00e9t\u00e9 de saveurs de la gastronomie de Cadixoise.<\/p>\n<h3>Vin Fino, l\u2019or liquide de Cadix<\/h3>\n<p>Il s\u2019agit l\u00e0 du vin le plus typique de la province de Cadix. Tr\u00e8s aromatique et de couleur p\u00e2le, pouvant \u00eatre sec, demi-sec ou doux et qui se boit tr\u00e8s froid. Id\u00e9al comme ap\u00e9ritif ou pour accompagner le jambon local, les fruits de mer et tous les types de tapas.<\/p>\n<h3>Choisir un bon restaurant \u00e0 Conil de la Frontera<\/h3>\n<p><strong>Lieux recommand\u00e9s<\/strong>: (Distances depuis l\u2019<a title=\"h\u00f4tel Fuerte Conil\u2013Costa Luz,\" href=\"https:\/\/www.fuertehoteles.com\/fr\/hotel\/resort-fuerte-conil-costaluz\/lhotel\/\"><strong>h\u00f4tel Fuerte Conil\u2013Resort<\/strong><\/a>)<\/p>\n<h2>CONIL DE LA FRONTERA<\/h2>\n<h3>Bar \u2018Los Hermanos\u2019 (\u00e0 15 min \u00e0 pied)<\/h3>\n<p>Un petit bar familial o\u00f9 d\u00e9guster tous types de tapas \u00e0 base de poisson frais p\u00e9ch\u00e9s dans la r\u00e9gion.<\/p>\n<h3>La Fontanilla et Casa Francisco La Fontanilla (\u00e0 5 min \u00e0 pied)<\/h3>\n<p>Ils se trouvent tous deux en premi\u00e8re ligne de l\u2019une des plus importantes plages de la ville, La Fontanilla. Ces deux restaurants vous proposent de d\u00e9guster le poisson et les fruits de mer les plus frais de Conil, comme par exemple la fameuse \u00abtortillita de camarones\u00bb (petites omelettes aux crevettes), le pagre ou le thon.<\/p>\n<h3>Chiringuito (bar de plage) El Huerto (\u00e0 5 min \u00e0 pied)<\/h3>\n<p>Ce typique bar de plage se trouve juste en face de l\u2019h\u00f4tel Fuerte Conil \u2013 Costa Luz ; il offre une grande vari\u00e9t\u00e9 de plats de la gastronomie de Conil \u00e0 d\u00e9guster face \u00e0 la mer.<\/p>\n<h3>Casa Merces (\u00e0 10 min \u00e0 pied)<\/h3>\n<p>L\u2019un des meilleurs restaurants de Conil de la Frontera selon les notes de Tripadvisor, \u2018La Casa Mercedes\u2019 est c\u00e9l\u00e8bre pour ses plats typiques, et pour la convivialit\u00e9 de son \u00e9quipe. Vous pourrez \u00e9galement profiter d\u2019un \u00e9ventail de tapas et des meilleurs \u00ab vins x\u00e9r\u00e8s \u00bb de la province de Cadix, aussi bien \u00e0 la Puerta de \u2018Cai\u2019 que dans la rue C\u00e1diz.<\/p>\n<h2>VEJER (\u00e0 20 min en voiture)<\/h2>\n<h3>El Jard\u00edn del Califa<\/h3>\n<p>Dans le village, vous trouverez un petit coin de la gastronomie arabe, \u2018El Jard\u00edn del Califa\u2019, un restaurant qui offre les meilleures bouch\u00e9es mauresques aux saveurs \u00e9pic\u00e9es.<\/p>\n<h3>Marengo<\/h3>\n<p>Un restaurant situ\u00e9 dans une vieille maison de style rustique tr\u00e8s joliment d\u00e9cor\u00e9e, on y sert une cuisine typiquement andalouse \u00e0 base de produits frais r\u00e9gionaux, et d\u2019excellents cocktails, le tout avec le sourire !<\/p>\n<h2>SANL\u00daCAR DE BARRAMEDA (1h en voiture) ET EL PUERTO SANTA MAR\u00cdA (40 min en voiture)<\/h2>\n<h3>Fruits de mer frais et de qualit\u00e9<\/h3>\n<p>Sanl\u00facar de Barrameda et El Puerto de Santa Mar\u00eda sont sp\u00e9cialement r\u00e9put\u00e9s par la qualit\u00e9 de leurs fruits de mer, toujours frais et de premier choix. Ces villes se caract\u00e9risent sans aucun doute par leurs attraits gastronomiques.[\/vc_column_text][\/vc_column][\/vc_row]\n","protected":false},"excerpt":{"rendered":"<p>[vc_row][vc_column el_class=\u00a0\u00bbdestination-content\u00a0\u00bb][vc_column_text] O\u00f9 manger \u00e0 Conil de la Frontera \u2013 Vejer \u2013 Sanl\u00facar Quelle cuisine \u00e0 Conil de la Frontera ? En tant que village de p\u00eache, Conil de la Frontera offre une gastronomie exceptionnelle concentr\u00e9e sur les produits de la mer. D\u00e9gustez un \u00aburta al horno\u00bb (dorade cuite au four), un \u00abcaz\u00f3n en adobo\u00bb<\/p>\n","protected":false},"author":6,"featured_media":1590,"parent":4515,"menu_order":0,"comment_status":"closed","ping_status":"closed","template":"templates\/destination-subpages.php","meta":{"footnotes":""},"class_list":["post-4551","page","type-page","status-publish","hentry"],"yoast_head":"<!-- This site is optimized with the Yoast SEO plugin v22.4 - https:\/\/yoast.com\/wordpress\/plugins\/seo\/ -->\n<title>O\u00f9 manger \u00e0 Conil, Meilleure cuisine &amp; restaurants Conil<\/title>\n<meta name=\"description\" content=\"La cuisine de Conil s&#039;articule autour de la p\u00eache - dorade, thon &amp; oignons caram\u00e9lis\u00e9s, seiches farcies - Quoi et o\u00f9 manger \u00e0 Conil de la Frontera.\" \/>\n<meta name=\"robots\" content=\"index, follow, max-snippet:-1, max-image-preview:large, max-video-preview:-1\" \/>\n<link rel=\"canonical\" href=\"https:\/\/www.fuertehoteles.com\/fr\/destinations\/vacances-a-conil\/ou-manger\/\" \/>\n<meta property=\"og:locale\" content=\"fr_FR\" \/>\n<meta property=\"og:type\" content=\"article\" \/>\n<meta property=\"og:title\" content=\"O\u00f9 manger \u00e0 Conil, Meilleure cuisine &amp; restaurants Conil\" \/>\n<meta property=\"og:description\" content=\"La cuisine de Conil s&#039;articule autour de la p\u00eache - dorade, thon &amp; oignons caram\u00e9lis\u00e9s, seiches farcies - Quoi et o\u00f9 manger \u00e0 Conil de la Frontera.\" \/>\n<meta property=\"og:url\" content=\"https:\/\/www.fuertehoteles.com\/fr\/destinations\/vacances-a-conil\/ou-manger\/\" \/>\n<meta property=\"og:site_name\" content=\"Fuerte Hoteles\" \/>\n<meta property=\"article:publisher\" content=\"https:\/\/www.facebook.com\/HotelesFuerte\" \/>\n<meta property=\"article:modified_time\" content=\"2021-12-20T13:51:12+00:00\" \/>\n<meta property=\"og:image\" content=\"https:\/\/www.fuertehoteles.com\/wp-content\/uploads\/2021\/11\/donde-comer-en-conil-atun.jpg\" \/>\n\t<meta property=\"og:image:width\" content=\"1920\" \/>\n\t<meta property=\"og:image:height\" content=\"540\" \/>\n\t<meta property=\"og:image:type\" content=\"image\/jpeg\" \/>\n<meta name=\"twitter:card\" content=\"summary_large_image\" \/>\n<meta name=\"twitter:site\" content=\"@fuertehoteles\" \/>\n<meta name=\"twitter:label1\" content=\"Dur\u00e9e de lecture estim\u00e9e\" \/>\n\t<meta name=\"twitter:data1\" content=\"4 minutes\" \/>\n<script type=\"application\/ld+json\" class=\"yoast-schema-graph\">{\"@context\":\"https:\/\/schema.org\",\"@graph\":[{\"@type\":\"WebPage\",\"@id\":\"https:\/\/www.fuertehoteles.com\/fr\/destinations\/vacances-a-conil\/ou-manger\/\",\"url\":\"https:\/\/www.fuertehoteles.com\/fr\/destinations\/vacances-a-conil\/ou-manger\/\",\"name\":\"O\u00f9 manger \u00e0 Conil, Meilleure cuisine & restaurants Conil\",\"isPartOf\":{\"@id\":\"https:\/\/www.fuertehoteles.com\/#website\"},\"primaryImageOfPage\":{\"@id\":\"https:\/\/www.fuertehoteles.com\/fr\/destinations\/vacances-a-conil\/ou-manger\/#primaryimage\"},\"image\":{\"@id\":\"https:\/\/www.fuertehoteles.com\/fr\/destinations\/vacances-a-conil\/ou-manger\/#primaryimage\"},\"thumbnailUrl\":\"https:\/\/www.fuertehoteles.com\/wp-content\/uploads\/2021\/11\/donde-comer-en-conil-atun.jpg\",\"datePublished\":\"2021-11-26T13:31:26+00:00\",\"dateModified\":\"2021-12-20T13:51:12+00:00\",\"description\":\"La cuisine de Conil s'articule autour de la p\u00eache - dorade, thon & oignons caram\u00e9lis\u00e9s, seiches farcies - Quoi et o\u00f9 manger \u00e0 Conil de la Frontera.\",\"breadcrumb\":{\"@id\":\"https:\/\/www.fuertehoteles.com\/fr\/destinations\/vacances-a-conil\/ou-manger\/#breadcrumb\"},\"inLanguage\":\"fr-FR\",\"potentialAction\":[{\"@type\":\"ReadAction\",\"target\":[\"https:\/\/www.fuertehoteles.com\/fr\/destinations\/vacances-a-conil\/ou-manger\/\"]}]},{\"@type\":\"ImageObject\",\"inLanguage\":\"fr-FR\",\"@id\":\"https:\/\/www.fuertehoteles.com\/fr\/destinations\/vacances-a-conil\/ou-manger\/#primaryimage\",\"url\":\"https:\/\/www.fuertehoteles.com\/wp-content\/uploads\/2021\/11\/donde-comer-en-conil-atun.jpg\",\"contentUrl\":\"https:\/\/www.fuertehoteles.com\/wp-content\/uploads\/2021\/11\/donde-comer-en-conil-atun.jpg\",\"width\":1920,\"height\":540,\"caption\":\"Donde comer en Conil\"},{\"@type\":\"BreadcrumbList\",\"@id\":\"https:\/\/www.fuertehoteles.com\/fr\/destinations\/vacances-a-conil\/ou-manger\/#breadcrumb\",\"itemListElement\":[{\"@type\":\"ListItem\",\"position\":1,\"name\":\"Portada\",\"item\":\"https:\/\/www.fuertehoteles.com\/fr\/\"},{\"@type\":\"ListItem\",\"position\":2,\"name\":\"Nos Destinations\",\"item\":\"https:\/\/www.fuertehoteles.com\/fr\/destinations\/\"},{\"@type\":\"ListItem\",\"position\":3,\"name\":\"Conil de la Frontera\",\"item\":\"https:\/\/www.fuertehoteles.com\/fr\/destinations\/vacances-a-conil\/\"},{\"@type\":\"ListItem\",\"position\":4,\"name\":\"Gastronomie\"}]},{\"@type\":\"WebSite\",\"@id\":\"https:\/\/www.fuertehoteles.com\/#website\",\"url\":\"https:\/\/www.fuertehoteles.com\/\",\"name\":\"Fuerte Hoteles\",\"description\":\"\",\"publisher\":{\"@id\":\"https:\/\/www.fuertehoteles.com\/#organization\"},\"potentialAction\":[{\"@type\":\"SearchAction\",\"target\":{\"@type\":\"EntryPoint\",\"urlTemplate\":\"https:\/\/www.fuertehoteles.com\/?s={search_term_string}\"},\"query-input\":\"required name=search_term_string\"}],\"inLanguage\":\"fr-FR\"},{\"@type\":\"Organization\",\"@id\":\"https:\/\/www.fuertehoteles.com\/#organization\",\"name\":\"Fuerte Hoteles\",\"url\":\"https:\/\/www.fuertehoteles.com\/\",\"logo\":{\"@type\":\"ImageObject\",\"inLanguage\":\"fr-FR\",\"@id\":\"https:\/\/www.fuertehoteles.com\/#\/schema\/logo\/image\/\",\"url\":\"https:\/\/www.fuertehoteles.com\/wp-content\/uploads\/2022\/09\/logo-ffhh-1.jpg\",\"contentUrl\":\"https:\/\/www.fuertehoteles.com\/wp-content\/uploads\/2022\/09\/logo-ffhh-1.jpg\",\"width\":500,\"height\":500,\"caption\":\"Fuerte Hoteles\"},\"image\":{\"@id\":\"https:\/\/www.fuertehoteles.com\/#\/schema\/logo\/image\/\"},\"sameAs\":[\"https:\/\/www.facebook.com\/HotelesFuerte\",\"https:\/\/twitter.com\/fuertehoteles\",\"https:\/\/www.instagram.com\/fuertehoteles\/\",\"https:\/\/www.linkedin.com\/company\/fuerte-hoteles\/\",\"https:\/\/www.youtube.com\/user\/fuertehoteles\",\"https:\/\/en.wikipedia.org\/wiki\/Fuerte_Hotels\"]}]}<\/script>\n<!-- \/ Yoast SEO plugin. -->","yoast_head_json":{"title":"O\u00f9 manger \u00e0 Conil, Meilleure cuisine & restaurants Conil","description":"La cuisine de Conil s'articule autour de la p\u00eache - dorade, thon & oignons caram\u00e9lis\u00e9s, seiches farcies - Quoi et o\u00f9 manger \u00e0 Conil de la Frontera.","robots":{"index":"index","follow":"follow","max-snippet":"max-snippet:-1","max-image-preview":"max-image-preview:large","max-video-preview":"max-video-preview:-1"},"canonical":"https:\/\/www.fuertehoteles.com\/fr\/destinations\/vacances-a-conil\/ou-manger\/","og_locale":"fr_FR","og_type":"article","og_title":"O\u00f9 manger \u00e0 Conil, Meilleure cuisine & restaurants Conil","og_description":"La cuisine de Conil s'articule autour de la p\u00eache - dorade, thon & oignons caram\u00e9lis\u00e9s, seiches farcies - Quoi et o\u00f9 manger \u00e0 Conil de la Frontera.","og_url":"https:\/\/www.fuertehoteles.com\/fr\/destinations\/vacances-a-conil\/ou-manger\/","og_site_name":"Fuerte Hoteles","article_publisher":"https:\/\/www.facebook.com\/HotelesFuerte","article_modified_time":"2021-12-20T13:51:12+00:00","og_image":[{"width":1920,"height":540,"url":"https:\/\/www.fuertehoteles.com\/wp-content\/uploads\/2021\/11\/donde-comer-en-conil-atun.jpg","type":"image\/jpeg"}],"twitter_card":"summary_large_image","twitter_site":"@fuertehoteles","twitter_misc":{"Dur\u00e9e de lecture estim\u00e9e":"4 minutes"},"schema":{"@context":"https:\/\/schema.org","@graph":[{"@type":"WebPage","@id":"https:\/\/www.fuertehoteles.com\/fr\/destinations\/vacances-a-conil\/ou-manger\/","url":"https:\/\/www.fuertehoteles.com\/fr\/destinations\/vacances-a-conil\/ou-manger\/","name":"O\u00f9 manger \u00e0 Conil, Meilleure cuisine & restaurants Conil","isPartOf":{"@id":"https:\/\/www.fuertehoteles.com\/#website"},"primaryImageOfPage":{"@id":"https:\/\/www.fuertehoteles.com\/fr\/destinations\/vacances-a-conil\/ou-manger\/#primaryimage"},"image":{"@id":"https:\/\/www.fuertehoteles.com\/fr\/destinations\/vacances-a-conil\/ou-manger\/#primaryimage"},"thumbnailUrl":"https:\/\/www.fuertehoteles.com\/wp-content\/uploads\/2021\/11\/donde-comer-en-conil-atun.jpg","datePublished":"2021-11-26T13:31:26+00:00","dateModified":"2021-12-20T13:51:12+00:00","description":"La cuisine de Conil s'articule autour de la p\u00eache - dorade, thon & oignons caram\u00e9lis\u00e9s, seiches farcies - Quoi et o\u00f9 manger \u00e0 Conil de la Frontera.","breadcrumb":{"@id":"https:\/\/www.fuertehoteles.com\/fr\/destinations\/vacances-a-conil\/ou-manger\/#breadcrumb"},"inLanguage":"fr-FR","potentialAction":[{"@type":"ReadAction","target":["https:\/\/www.fuertehoteles.com\/fr\/destinations\/vacances-a-conil\/ou-manger\/"]}]},{"@type":"ImageObject","inLanguage":"fr-FR","@id":"https:\/\/www.fuertehoteles.com\/fr\/destinations\/vacances-a-conil\/ou-manger\/#primaryimage","url":"https:\/\/www.fuertehoteles.com\/wp-content\/uploads\/2021\/11\/donde-comer-en-conil-atun.jpg","contentUrl":"https:\/\/www.fuertehoteles.com\/wp-content\/uploads\/2021\/11\/donde-comer-en-conil-atun.jpg","width":1920,"height":540,"caption":"Donde comer en Conil"},{"@type":"BreadcrumbList","@id":"https:\/\/www.fuertehoteles.com\/fr\/destinations\/vacances-a-conil\/ou-manger\/#breadcrumb","itemListElement":[{"@type":"ListItem","position":1,"name":"Portada","item":"https:\/\/www.fuertehoteles.com\/fr\/"},{"@type":"ListItem","position":2,"name":"Nos Destinations","item":"https:\/\/www.fuertehoteles.com\/fr\/destinations\/"},{"@type":"ListItem","position":3,"name":"Conil de la Frontera","item":"https:\/\/www.fuertehoteles.com\/fr\/destinations\/vacances-a-conil\/"},{"@type":"ListItem","position":4,"name":"Gastronomie"}]},{"@type":"WebSite","@id":"https:\/\/www.fuertehoteles.com\/#website","url":"https:\/\/www.fuertehoteles.com\/","name":"Fuerte Hoteles","description":"","publisher":{"@id":"https:\/\/www.fuertehoteles.com\/#organization"},"potentialAction":[{"@type":"SearchAction","target":{"@type":"EntryPoint","urlTemplate":"https:\/\/www.fuertehoteles.com\/?s={search_term_string}"},"query-input":"required name=search_term_string"}],"inLanguage":"fr-FR"},{"@type":"Organization","@id":"https:\/\/www.fuertehoteles.com\/#organization","name":"Fuerte Hoteles","url":"https:\/\/www.fuertehoteles.com\/","logo":{"@type":"ImageObject","inLanguage":"fr-FR","@id":"https:\/\/www.fuertehoteles.com\/#\/schema\/logo\/image\/","url":"https:\/\/www.fuertehoteles.com\/wp-content\/uploads\/2022\/09\/logo-ffhh-1.jpg","contentUrl":"https:\/\/www.fuertehoteles.com\/wp-content\/uploads\/2022\/09\/logo-ffhh-1.jpg","width":500,"height":500,"caption":"Fuerte Hoteles"},"image":{"@id":"https:\/\/www.fuertehoteles.com\/#\/schema\/logo\/image\/"},"sameAs":["https:\/\/www.facebook.com\/HotelesFuerte","https:\/\/twitter.com\/fuertehoteles","https:\/\/www.instagram.com\/fuertehoteles\/","https:\/\/www.linkedin.com\/company\/fuerte-hoteles\/","https:\/\/www.youtube.com\/user\/fuertehoteles","https:\/\/en.wikipedia.org\/wiki\/Fuerte_Hotels"]}]}},"_links":{"self":[{"href":"https:\/\/www.fuertehoteles.com\/fr\/wp-json\/wp\/v2\/pages\/4551","targetHints":{"allow":["GET"]}}],"collection":[{"href":"https:\/\/www.fuertehoteles.com\/fr\/wp-json\/wp\/v2\/pages"}],"about":[{"href":"https:\/\/www.fuertehoteles.com\/fr\/wp-json\/wp\/v2\/types\/page"}],"author":[{"embeddable":true,"href":"https:\/\/www.fuertehoteles.com\/fr\/wp-json\/wp\/v2\/users\/6"}],"replies":[{"embeddable":true,"href":"https:\/\/www.fuertehoteles.com\/fr\/wp-json\/wp\/v2\/comments?post=4551"}],"version-history":[{"count":0,"href":"https:\/\/www.fuertehoteles.com\/fr\/wp-json\/wp\/v2\/pages\/4551\/revisions"}],"up":[{"embeddable":true,"href":"https:\/\/www.fuertehoteles.com\/fr\/wp-json\/wp\/v2\/pages\/4515"}],"wp:featuredmedia":[{"embeddable":true,"href":"https:\/\/www.fuertehoteles.com\/fr\/wp-json\/wp\/v2\/media\/1590"}],"wp:attachment":[{"href":"https:\/\/www.fuertehoteles.com\/fr\/wp-json\/wp\/v2\/media?parent=4551"}],"curies":[{"name":"wp","href":"https:\/\/api.w.org\/{rel}","templated":true}]}}