{"id":4569,"date":"2021-11-26T14:20:55","date_gmt":"2021-11-26T13:20:55","guid":{"rendered":"https:\/\/www.fuertehoteles.com\/nos-destinations\/vacances-a-conil\/playas\/"},"modified":"2021-12-20T15:04:31","modified_gmt":"2021-12-20T14:04:31","slug":"plages","status":"publish","type":"page","link":"https:\/\/www.fuertehoteles.com\/fr\/destinations\/vacances-a-conil\/plages\/","title":{"rendered":"Plages"},"content":{"rendered":"[vc_row][vc_column el_class=\u00a0\u00bbdestination-content\u00a0\u00bb][vc_column_text]\n<h1>Les meilleures plages de Conil de la Frontera<\/h1>\n<p>Surf, windsurf, voile, plong\u00e9e sous-marine, kitesurf et bodyboard, les plages de Conil de la Frontera sont un monde ouvert aussi bien aux sports aquatiques qu\u2019au repos, car il y en a pour tous les go\u00fbts. Les plages de Conil de la Frontera sont c\u00e9l\u00e8bres pour leur beaut\u00e9 naturelle et leurs c\u00f4tes pr\u00e9serv\u00e9es, elles font d\u2019ailleurs partie des plus belles plages d\u2019Espagne.<\/p>\n<p>Distances approximatives depuis l\u2019<strong><a title=\"h\u00f4tel Fuerte Conil\u2013Costa Luz\" href=\"https:\/\/www.fuertehoteles.com\/fr\/hotel\/resort-fuerte-conil-costaluz\/lhotel\/\">h\u00f4tel Fuerte Conil\u2013Resort<\/a><\/strong> :<\/p>\n<h3>Plage de La Fontanilla (\u00e0 5 minutes \u00e0 pied, juste en face de l\u2019h\u00f4tel)<\/h3>\n<p>Une plage merveilleuse de sable fin, id\u00e9ale pour se reposer et profiter de longues promenades au bord de la mer. La plage de la Fontanilla est une plage semi-urbaine d\u2019un peu plus d\u20191 km de long, elle est tr\u00e8s appr\u00e9ci\u00e9e des familles car les eaux y sont peu profondes et exemptes de courants, elles sont \u00e9quip\u00e9e de douches &amp; WC, d\u2019un poste de secours et de restaurants ouverts \u00e0 l\u2019ann\u00e9e.<\/p>\n<h3>Plage de Los Bateles (\u00e0 10 min \u00e0 pied depuis l\u2019h\u00f4tel, 5 min en v\u00e9lo)<\/h3>\n<p>La plage de Los Bateles \u00e0 Conil de la Frontera est l\u2019une des plages les plus fr\u00e9quent\u00e9es de la Costa de la Luz, elle est c\u00e9l\u00e8bre pour sa beaut\u00e9 et son ambiance jeune et joviale. Si vous continuez \u00e0 pied le long de cette plage de sable dor\u00e9 aux eaux calmes, vous trouverez le fleuve et la plage de Castilnovo \u00e0 proximit\u00e9 del Palmar. La plage de Castilnovo propose une ambiance plus intime.<\/p>\n<h3>Plage El Palmar (\u00e0 30 min \u00e0 pied depuis l\u2019h\u00f4tel, 20 min en v\u00e9lo et 10 min en voiture)<\/h3>\n<p>La plage El Palmar est id\u00e9ale pour ceux qui cherchent la tranquillit\u00e9. Ses 8 kilom\u00e8tres de long conservent son charme naturel, ce qui en fait, de m\u00eame que Castilnovo, l\u2019une des plages les plus vierges de Cadix. La plage El Palmar est \u00e9galent tr\u00e8s pris\u00e9e des surfeurs, en raison de la pr\u00e9sence notable de vagues durant la plus grande partie de l\u2019ann\u00e9e.<\/p>\n<h3>Playas Calas (Criques) de Conil (\u00e0 1h30 \u00e0 pied, 40 min en v\u00e9lo et \u00e0 10 min en voiture)<\/h3>\n<p>Le littoral nord est constitu\u00e9 de merveilleuses falaises et de nombreuses criques plus isol\u00e9es, comme par exemple les Criques de Roche pour les amateurs du nudisme et de tranquilit\u00e9, et la Cala del Aceite offrant une ambiance plus adapt\u00e9e aux familles.<\/p>\n<h3>Playas El Roqueo et Fuente del Gallo (\u00e0 10 minutes \u00e0 pied)<\/h3>\n<p>Merveilleuse plage sur une c\u00f4te plus rocheuse que les autres, mais \u00e9galement belle, accueillante et tranquille.[\/vc_column_text][\/vc_column][\/vc_row]\n","protected":false},"excerpt":{"rendered":"<p>[vc_row][vc_column el_class=\u00a0\u00bbdestination-content\u00a0\u00bb][vc_column_text] Les meilleures plages de Conil de la Frontera Surf, windsurf, voile, plong\u00e9e sous-marine, kitesurf et bodyboard, les plages de Conil de la Frontera sont un monde ouvert aussi bien aux sports aquatiques qu\u2019au repos, car il y en a pour tous les go\u00fbts. Les plages de Conil de la Frontera sont c\u00e9l\u00e8bres pour<\/p>\n","protected":false},"author":6,"featured_media":1578,"parent":4515,"menu_order":0,"comment_status":"closed","ping_status":"closed","template":"templates\/destination-subpages.php","meta":{"footnotes":""},"class_list":["post-4569","page","type-page","status-publish","hentry"],"yoast_head":"<!-- This site is optimized with the Yoast SEO plugin v22.4 - https:\/\/yoast.com\/wordpress\/plugins\/seo\/ -->\n<title>Plages de Conil de la Frontera - Costa de la Luz, Espagne<\/title>\n<meta name=\"description\" content=\"Les plages de Conil font partie des plus belles plages d&#039;Espagne - naturelles et propices au surf, planche \u00e0 voile, voile, plong\u00e9e, kite-surf &amp; bodyboard.\" \/>\n<meta name=\"robots\" content=\"index, follow, max-snippet:-1, max-image-preview:large, max-video-preview:-1\" \/>\n<link rel=\"canonical\" href=\"https:\/\/www.fuertehoteles.com\/fr\/destinations\/vacances-a-conil\/plages\/\" \/>\n<meta property=\"og:locale\" content=\"fr_FR\" \/>\n<meta property=\"og:type\" content=\"article\" \/>\n<meta property=\"og:title\" content=\"Plages de Conil de la Frontera - Costa de la Luz, Espagne\" \/>\n<meta property=\"og:description\" content=\"Les plages de Conil font partie des plus belles plages d&#039;Espagne - naturelles et propices au surf, planche \u00e0 voile, voile, plong\u00e9e, kite-surf &amp; bodyboard.\" \/>\n<meta property=\"og:url\" content=\"https:\/\/www.fuertehoteles.com\/fr\/destinations\/vacances-a-conil\/plages\/\" \/>\n<meta property=\"og:site_name\" content=\"Fuerte Hoteles\" \/>\n<meta property=\"article:publisher\" content=\"https:\/\/www.facebook.com\/HotelesFuerte\" \/>\n<meta property=\"article:modified_time\" content=\"2021-12-20T14:04:31+00:00\" \/>\n<meta property=\"og:image\" content=\"https:\/\/www.fuertehoteles.com\/wp-content\/uploads\/2021\/11\/playas-conil.jpg\" \/>\n\t<meta property=\"og:image:width\" content=\"1920\" \/>\n\t<meta property=\"og:image:height\" content=\"540\" \/>\n\t<meta property=\"og:image:type\" content=\"image\/jpeg\" \/>\n<meta name=\"twitter:card\" content=\"summary_large_image\" \/>\n<meta name=\"twitter:site\" content=\"@fuertehoteles\" \/>\n<meta name=\"twitter:label1\" content=\"Dur\u00e9e de lecture estim\u00e9e\" \/>\n\t<meta name=\"twitter:data1\" content=\"2 minutes\" \/>\n<script type=\"application\/ld+json\" class=\"yoast-schema-graph\">{\"@context\":\"https:\/\/schema.org\",\"@graph\":[{\"@type\":\"WebPage\",\"@id\":\"https:\/\/www.fuertehoteles.com\/fr\/destinations\/vacances-a-conil\/plages\/\",\"url\":\"https:\/\/www.fuertehoteles.com\/fr\/destinations\/vacances-a-conil\/plages\/\",\"name\":\"Plages de Conil de la Frontera - Costa de la Luz, Espagne\",\"isPartOf\":{\"@id\":\"https:\/\/www.fuertehoteles.com\/#website\"},\"primaryImageOfPage\":{\"@id\":\"https:\/\/www.fuertehoteles.com\/fr\/destinations\/vacances-a-conil\/plages\/#primaryimage\"},\"image\":{\"@id\":\"https:\/\/www.fuertehoteles.com\/fr\/destinations\/vacances-a-conil\/plages\/#primaryimage\"},\"thumbnailUrl\":\"https:\/\/www.fuertehoteles.com\/wp-content\/uploads\/2021\/11\/playas-conil.jpg\",\"datePublished\":\"2021-11-26T13:20:55+00:00\",\"dateModified\":\"2021-12-20T14:04:31+00:00\",\"description\":\"Les plages de Conil font partie des plus belles plages d'Espagne - naturelles et propices au surf, planche \u00e0 voile, voile, plong\u00e9e, kite-surf & bodyboard.\",\"breadcrumb\":{\"@id\":\"https:\/\/www.fuertehoteles.com\/fr\/destinations\/vacances-a-conil\/plages\/#breadcrumb\"},\"inLanguage\":\"fr-FR\",\"potentialAction\":[{\"@type\":\"ReadAction\",\"target\":[\"https:\/\/www.fuertehoteles.com\/fr\/destinations\/vacances-a-conil\/plages\/\"]}]},{\"@type\":\"ImageObject\",\"inLanguage\":\"fr-FR\",\"@id\":\"https:\/\/www.fuertehoteles.com\/fr\/destinations\/vacances-a-conil\/plages\/#primaryimage\",\"url\":\"https:\/\/www.fuertehoteles.com\/wp-content\/uploads\/2021\/11\/playas-conil.jpg\",\"contentUrl\":\"https:\/\/www.fuertehoteles.com\/wp-content\/uploads\/2021\/11\/playas-conil.jpg\",\"width\":1920,\"height\":540,\"caption\":\"playas de Conil\"},{\"@type\":\"BreadcrumbList\",\"@id\":\"https:\/\/www.fuertehoteles.com\/fr\/destinations\/vacances-a-conil\/plages\/#breadcrumb\",\"itemListElement\":[{\"@type\":\"ListItem\",\"position\":1,\"name\":\"Portada\",\"item\":\"https:\/\/www.fuertehoteles.com\/fr\/\"},{\"@type\":\"ListItem\",\"position\":2,\"name\":\"Nos Destinations\",\"item\":\"https:\/\/www.fuertehoteles.com\/fr\/destinations\/\"},{\"@type\":\"ListItem\",\"position\":3,\"name\":\"Conil de la Frontera\",\"item\":\"https:\/\/www.fuertehoteles.com\/fr\/destinations\/vacances-a-conil\/\"},{\"@type\":\"ListItem\",\"position\":4,\"name\":\"Plages\"}]},{\"@type\":\"WebSite\",\"@id\":\"https:\/\/www.fuertehoteles.com\/#website\",\"url\":\"https:\/\/www.fuertehoteles.com\/\",\"name\":\"Fuerte Hoteles\",\"description\":\"\",\"publisher\":{\"@id\":\"https:\/\/www.fuertehoteles.com\/#organization\"},\"potentialAction\":[{\"@type\":\"SearchAction\",\"target\":{\"@type\":\"EntryPoint\",\"urlTemplate\":\"https:\/\/www.fuertehoteles.com\/?s={search_term_string}\"},\"query-input\":\"required name=search_term_string\"}],\"inLanguage\":\"fr-FR\"},{\"@type\":\"Organization\",\"@id\":\"https:\/\/www.fuertehoteles.com\/#organization\",\"name\":\"Fuerte Hoteles\",\"url\":\"https:\/\/www.fuertehoteles.com\/\",\"logo\":{\"@type\":\"ImageObject\",\"inLanguage\":\"fr-FR\",\"@id\":\"https:\/\/www.fuertehoteles.com\/#\/schema\/logo\/image\/\",\"url\":\"https:\/\/www.fuertehoteles.com\/wp-content\/uploads\/2022\/09\/logo-ffhh-1.jpg\",\"contentUrl\":\"https:\/\/www.fuertehoteles.com\/wp-content\/uploads\/2022\/09\/logo-ffhh-1.jpg\",\"width\":500,\"height\":500,\"caption\":\"Fuerte Hoteles\"},\"image\":{\"@id\":\"https:\/\/www.fuertehoteles.com\/#\/schema\/logo\/image\/\"},\"sameAs\":[\"https:\/\/www.facebook.com\/HotelesFuerte\",\"https:\/\/twitter.com\/fuertehoteles\",\"https:\/\/www.instagram.com\/fuertehoteles\/\",\"https:\/\/www.linkedin.com\/company\/fuerte-hoteles\/\",\"https:\/\/www.youtube.com\/user\/fuertehoteles\",\"https:\/\/en.wikipedia.org\/wiki\/Fuerte_Hotels\"]}]}<\/script>\n<!-- \/ Yoast SEO plugin. -->","yoast_head_json":{"title":"Plages de Conil de la Frontera - Costa de la Luz, Espagne","description":"Les plages de Conil font partie des plus belles plages d'Espagne - naturelles et propices au surf, planche \u00e0 voile, voile, plong\u00e9e, kite-surf & bodyboard.","robots":{"index":"index","follow":"follow","max-snippet":"max-snippet:-1","max-image-preview":"max-image-preview:large","max-video-preview":"max-video-preview:-1"},"canonical":"https:\/\/www.fuertehoteles.com\/fr\/destinations\/vacances-a-conil\/plages\/","og_locale":"fr_FR","og_type":"article","og_title":"Plages de Conil de la Frontera - Costa de la Luz, Espagne","og_description":"Les plages de Conil font partie des plus belles plages d'Espagne - naturelles et propices au surf, planche \u00e0 voile, voile, plong\u00e9e, kite-surf & bodyboard.","og_url":"https:\/\/www.fuertehoteles.com\/fr\/destinations\/vacances-a-conil\/plages\/","og_site_name":"Fuerte Hoteles","article_publisher":"https:\/\/www.facebook.com\/HotelesFuerte","article_modified_time":"2021-12-20T14:04:31+00:00","og_image":[{"width":1920,"height":540,"url":"https:\/\/www.fuertehoteles.com\/wp-content\/uploads\/2021\/11\/playas-conil.jpg","type":"image\/jpeg"}],"twitter_card":"summary_large_image","twitter_site":"@fuertehoteles","twitter_misc":{"Dur\u00e9e de lecture estim\u00e9e":"2 minutes"},"schema":{"@context":"https:\/\/schema.org","@graph":[{"@type":"WebPage","@id":"https:\/\/www.fuertehoteles.com\/fr\/destinations\/vacances-a-conil\/plages\/","url":"https:\/\/www.fuertehoteles.com\/fr\/destinations\/vacances-a-conil\/plages\/","name":"Plages de Conil de la Frontera - Costa de la Luz, Espagne","isPartOf":{"@id":"https:\/\/www.fuertehoteles.com\/#website"},"primaryImageOfPage":{"@id":"https:\/\/www.fuertehoteles.com\/fr\/destinations\/vacances-a-conil\/plages\/#primaryimage"},"image":{"@id":"https:\/\/www.fuertehoteles.com\/fr\/destinations\/vacances-a-conil\/plages\/#primaryimage"},"thumbnailUrl":"https:\/\/www.fuertehoteles.com\/wp-content\/uploads\/2021\/11\/playas-conil.jpg","datePublished":"2021-11-26T13:20:55+00:00","dateModified":"2021-12-20T14:04:31+00:00","description":"Les plages de Conil font partie des plus belles plages d'Espagne - naturelles et propices au surf, planche \u00e0 voile, voile, plong\u00e9e, kite-surf & bodyboard.","breadcrumb":{"@id":"https:\/\/www.fuertehoteles.com\/fr\/destinations\/vacances-a-conil\/plages\/#breadcrumb"},"inLanguage":"fr-FR","potentialAction":[{"@type":"ReadAction","target":["https:\/\/www.fuertehoteles.com\/fr\/destinations\/vacances-a-conil\/plages\/"]}]},{"@type":"ImageObject","inLanguage":"fr-FR","@id":"https:\/\/www.fuertehoteles.com\/fr\/destinations\/vacances-a-conil\/plages\/#primaryimage","url":"https:\/\/www.fuertehoteles.com\/wp-content\/uploads\/2021\/11\/playas-conil.jpg","contentUrl":"https:\/\/www.fuertehoteles.com\/wp-content\/uploads\/2021\/11\/playas-conil.jpg","width":1920,"height":540,"caption":"playas de Conil"},{"@type":"BreadcrumbList","@id":"https:\/\/www.fuertehoteles.com\/fr\/destinations\/vacances-a-conil\/plages\/#breadcrumb","itemListElement":[{"@type":"ListItem","position":1,"name":"Portada","item":"https:\/\/www.fuertehoteles.com\/fr\/"},{"@type":"ListItem","position":2,"name":"Nos Destinations","item":"https:\/\/www.fuertehoteles.com\/fr\/destinations\/"},{"@type":"ListItem","position":3,"name":"Conil de la Frontera","item":"https:\/\/www.fuertehoteles.com\/fr\/destinations\/vacances-a-conil\/"},{"@type":"ListItem","position":4,"name":"Plages"}]},{"@type":"WebSite","@id":"https:\/\/www.fuertehoteles.com\/#website","url":"https:\/\/www.fuertehoteles.com\/","name":"Fuerte Hoteles","description":"","publisher":{"@id":"https:\/\/www.fuertehoteles.com\/#organization"},"potentialAction":[{"@type":"SearchAction","target":{"@type":"EntryPoint","urlTemplate":"https:\/\/www.fuertehoteles.com\/?s={search_term_string}"},"query-input":"required name=search_term_string"}],"inLanguage":"fr-FR"},{"@type":"Organization","@id":"https:\/\/www.fuertehoteles.com\/#organization","name":"Fuerte Hoteles","url":"https:\/\/www.fuertehoteles.com\/","logo":{"@type":"ImageObject","inLanguage":"fr-FR","@id":"https:\/\/www.fuertehoteles.com\/#\/schema\/logo\/image\/","url":"https:\/\/www.fuertehoteles.com\/wp-content\/uploads\/2022\/09\/logo-ffhh-1.jpg","contentUrl":"https:\/\/www.fuertehoteles.com\/wp-content\/uploads\/2022\/09\/logo-ffhh-1.jpg","width":500,"height":500,"caption":"Fuerte Hoteles"},"image":{"@id":"https:\/\/www.fuertehoteles.com\/#\/schema\/logo\/image\/"},"sameAs":["https:\/\/www.facebook.com\/HotelesFuerte","https:\/\/twitter.com\/fuertehoteles","https:\/\/www.instagram.com\/fuertehoteles\/","https:\/\/www.linkedin.com\/company\/fuerte-hoteles\/","https:\/\/www.youtube.com\/user\/fuertehoteles","https:\/\/en.wikipedia.org\/wiki\/Fuerte_Hotels"]}]}},"_links":{"self":[{"href":"https:\/\/www.fuertehoteles.com\/fr\/wp-json\/wp\/v2\/pages\/4569","targetHints":{"allow":["GET"]}}],"collection":[{"href":"https:\/\/www.fuertehoteles.com\/fr\/wp-json\/wp\/v2\/pages"}],"about":[{"href":"https:\/\/www.fuertehoteles.com\/fr\/wp-json\/wp\/v2\/types\/page"}],"author":[{"embeddable":true,"href":"https:\/\/www.fuertehoteles.com\/fr\/wp-json\/wp\/v2\/users\/6"}],"replies":[{"embeddable":true,"href":"https:\/\/www.fuertehoteles.com\/fr\/wp-json\/wp\/v2\/comments?post=4569"}],"version-history":[{"count":0,"href":"https:\/\/www.fuertehoteles.com\/fr\/wp-json\/wp\/v2\/pages\/4569\/revisions"}],"up":[{"embeddable":true,"href":"https:\/\/www.fuertehoteles.com\/fr\/wp-json\/wp\/v2\/pages\/4515"}],"wp:featuredmedia":[{"embeddable":true,"href":"https:\/\/www.fuertehoteles.com\/fr\/wp-json\/wp\/v2\/media\/1578"}],"wp:attachment":[{"href":"https:\/\/www.fuertehoteles.com\/fr\/wp-json\/wp\/v2\/media?parent=4569"}],"curies":[{"name":"wp","href":"https:\/\/api.w.org\/{rel}","templated":true}]}}